{"id":5518,"date":"2017-07-25T02:12:30","date_gmt":"2017-07-25T02:12:30","guid":{"rendered":"https:\/\/endoscopiaterapeutica.net\/pt\/classificacao\/publish-19\/"},"modified":"2021-08-10T01:13:15","modified_gmt":"2021-08-10T01:13:15","slug":"classificacao-de-hetzel-esofagite-peptica","status":"publish","type":"classificacao","link":"https:\/\/endoscopiaterapeutica.net\/pt\/classificacao\/classificacao-de-hetzel-esofagite-peptica\/","title":{"rendered":"Esofagite p\u00e9ptica &#8211; Hetzel"},"content":{"rendered":"<p style=\"text-align: center;\">\n<p style=\"text-align: center;\">Assim como outras classifica\u00e7\u00f5es existentes, como por exemplo Sonnemberg e Allison, a classifica\u00e7\u00e3o de Hetzel raramente \u00e9 utilizada, mas acreditamos que valha a pena saber que existe !<\/p>\n<p style=\"text-align: center;\"><a href=\"https:\/\/endoscopiaterapeutica.net\/pt\/wp-content\/uploads\/2017\/07\/ht.png\" data-rel=\"penci-gallery-image-content\" ><img decoding=\"async\" class=\"alignnone size-medium wp-image-8017\" src=\"https:\/\/endoscopiaterapeutica.net\/pt\/wp-content\/uploads\/2021\/08\/ht.png\" alt=\"\" width=\"300\" height=\"15\" \/><\/a><\/p>\n<p><a href=\"https:\/\/endoscopiaterapeutica.net\/pt\/wp-content\/uploads\/2017\/07\/ht1.png\" data-rel=\"penci-gallery-image-content\" ><img decoding=\"async\" class=\"size-medium wp-image-8018 aligncenter\" src=\"https:\/\/endoscopiaterapeutica.net\/pt\/wp-content\/uploads\/2021\/08\/ht1.png\" alt=\"\" width=\"300\" height=\"144\" \/><\/a><\/p>\n<p>&nbsp;<\/p>\n<p><a href=\"https:\/\/endoscopiaterapeutica.net\/pt\/wp-content\/uploads\/2015\/12\/Untitled.png\" data-rel=\"penci-gallery-image-content\" ><img decoding=\"async\" class=\"wp-image-3640  aligncenter\" src=\"https:\/\/endoscopiaterapeutica.net\/pt\/wp-content\/uploads\/2015\/03\/Untitled.png\" alt=\"\" width=\"251\" height=\"167\" \/><\/a><\/p>\n<p style=\"text-align: center;\">0<\/p>\n<p><a href=\"https:\/\/endoscopiaterapeutica.net\/pt\/wp-content\/uploads\/2015\/11\/3.jpg\" data-rel=\"penci-gallery-image-content\" ><img loading=\"lazy\" decoding=\"async\" class=\"wp-image-8109 aligncenter\" src=\"https:\/\/endoscopiaterapeutica.net\/pt\/wp-content\/uploads\/2015\/11\/3.jpg\" alt=\"\" width=\"250\" height=\"224\" \/><\/a><\/p>\n<p style=\"text-align: center;\">I<\/p>\n<p><a href=\"https:\/\/endoscopiaterapeutica.net\/pt\/wp-content\/uploads\/2016\/07\/4.jpg\" data-rel=\"penci-gallery-image-content\" ><img loading=\"lazy\" decoding=\"async\" class=\"wp-image-6395 aligncenter\" src=\"https:\/\/endoscopiaterapeutica.net\/pt\/wp-content\/uploads\/2015\/11\/4.jpg\" alt=\"\" width=\"254\" height=\"190\" \/><\/a><\/p>\n<p style=\"text-align: center;\">II<\/p>\n<p><a href=\"https:\/\/endoscopiaterapeutica.net\/pt\/wp-content\/uploads\/2021\/08\/0011-e1457518040110.jpg\" data-rel=\"penci-gallery-image-content\" ><img loading=\"lazy\" decoding=\"async\" class=\"wp-image-3107 aligncenter\" src=\"https:\/\/endoscopiaterapeutica.net\/pt\/wp-content\/uploads\/2021\/08\/0011-e1457518040110.jpg\" alt=\"\" width=\"252\" height=\"189\" \/><\/a><\/p>\n<p style=\"text-align: center;\">III<\/p>\n<p><a href=\"https:\/\/endoscopiaterapeutica.net\/pt\/wp-content\/uploads\/2017\/08\/esofagite.jpg\" data-rel=\"penci-gallery-image-content\" ><img loading=\"lazy\" decoding=\"async\" class=\"wp-image-8149 aligncenter\" src=\"https:\/\/endoscopiaterapeutica.net\/pt\/wp-content\/uploads\/2021\/08\/esofagite.jpg\" alt=\"\" width=\"254\" height=\"169\" \/><\/a><\/p>\n<p style=\"text-align: center;\">IV<\/p>\n<p>&nbsp;<\/p>\n","protected":false},"excerpt":{"rendered":"<p>Assim como outras classifica\u00e7\u00f5es existentes, como por exemplo Sonnemberg e Allison, a classifica\u00e7\u00e3o de&hellip;<\/p>\n","protected":false},"author":5709,"featured_media":5517,"template":"","categoria_de_classificacao":[184],"class_list":["post-5518","classificacao","type-classificacao","status-publish","has-post-thumbnail","hentry","categoria_de_classificacao-esofago"],"yoast_head":"<!-- This site is optimized with the Yoast SEO Premium plugin v27.2 (Yoast SEO v27.4) - https:\/\/yoast.com\/product\/yoast-seo-premium-wordpress\/ -->\n<title>Esofagite p\u00e9ptica - Hetzel &#8226; Endoscopia Terapeutica<\/title>\n<meta name=\"robots\" content=\"index, follow, max-snippet:-1, max-image-preview:large, max-video-preview:-1\" \/>\n<link rel=\"canonical\" href=\"https:\/\/endoscopiaterapeutica.net\/pt\/classificacao\/classificacao-de-hetzel-esofagite-peptica\/\" \/>\n<meta property=\"og:locale\" content=\"pt_BR\" \/>\n<meta property=\"og:type\" content=\"article\" \/>\n<meta property=\"og:title\" content=\"Esofagite p\u00e9ptica - Hetzel\" \/>\n<meta property=\"og:description\" content=\"Assim como outras classifica\u00e7\u00f5es existentes, como por exemplo Sonnemberg e Allison, a classifica\u00e7\u00e3o de&hellip;\" \/>\n<meta property=\"og:url\" content=\"https:\/\/endoscopiaterapeutica.net\/pt\/classificacao\/classificacao-de-hetzel-esofagite-peptica\/\" \/>\n<meta property=\"og:site_name\" content=\"Endoscopia Terapeutica\" \/>\n<meta property=\"article:publisher\" content=\"https:\/\/www.facebook.com\/endoscopiaterapeutica\" \/>\n<meta property=\"article:modified_time\" content=\"2021-08-10T01:13:15+00:00\" \/>\n<meta property=\"og:image\" content=\"https:\/\/endoscopiaterapeutica.net\/pt\/wp-content\/uploads\/2021\/08\/esofagite.jpg?v=1628557281\" \/>\n\t<meta property=\"og:image:width\" content=\"720\" \/>\n\t<meta property=\"og:image:height\" content=\"480\" \/>\n\t<meta property=\"og:image:type\" content=\"image\/jpeg\" \/>\n<meta name=\"twitter:card\" content=\"summary_large_image\" \/>\n<script type=\"application\/ld+json\" class=\"yoast-schema-graph\">{\"@context\":\"https:\\\/\\\/schema.org\",\"@graph\":[{\"@type\":\"WebPage\",\"@id\":\"https:\\\/\\\/endoscopiaterapeutica.net\\\/pt\\\/classificacao\\\/classificacao-de-hetzel-esofagite-peptica\\\/\",\"url\":\"https:\\\/\\\/endoscopiaterapeutica.net\\\/pt\\\/classificacao\\\/classificacao-de-hetzel-esofagite-peptica\\\/\",\"name\":\"Esofagite p\u00e9ptica - Hetzel &#8226; Endoscopia Terapeutica\",\"isPartOf\":{\"@id\":\"https:\\\/\\\/endoscopiaterapeutica.net\\\/pt\\\/#website\"},\"primaryImageOfPage\":{\"@id\":\"https:\\\/\\\/endoscopiaterapeutica.net\\\/pt\\\/classificacao\\\/classificacao-de-hetzel-esofagite-peptica\\\/#primaryimage\"},\"image\":{\"@id\":\"https:\\\/\\\/endoscopiaterapeutica.net\\\/pt\\\/classificacao\\\/classificacao-de-hetzel-esofagite-peptica\\\/#primaryimage\"},\"thumbnailUrl\":\"https:\\\/\\\/endoscopiaterapeutica.net\\\/pt\\\/wp-content\\\/uploads\\\/2021\\\/08\\\/esofagite.jpg?v=1628557281\",\"datePublished\":\"2017-07-25T02:12:30+00:00\",\"dateModified\":\"2021-08-10T01:13:15+00:00\",\"breadcrumb\":{\"@id\":\"https:\\\/\\\/endoscopiaterapeutica.net\\\/pt\\\/classificacao\\\/classificacao-de-hetzel-esofagite-peptica\\\/#breadcrumb\"},\"inLanguage\":\"pt-BR\",\"potentialAction\":[{\"@type\":\"ReadAction\",\"target\":[\"https:\\\/\\\/endoscopiaterapeutica.net\\\/pt\\\/classificacao\\\/classificacao-de-hetzel-esofagite-peptica\\\/\"]}]},{\"@type\":\"ImageObject\",\"inLanguage\":\"pt-BR\",\"@id\":\"https:\\\/\\\/endoscopiaterapeutica.net\\\/pt\\\/classificacao\\\/classificacao-de-hetzel-esofagite-peptica\\\/#primaryimage\",\"url\":\"https:\\\/\\\/endoscopiaterapeutica.net\\\/pt\\\/wp-content\\\/uploads\\\/2021\\\/08\\\/esofagite.jpg?v=1628557281\",\"contentUrl\":\"https:\\\/\\\/endoscopiaterapeutica.net\\\/pt\\\/wp-content\\\/uploads\\\/2021\\\/08\\\/esofagite.jpg?v=1628557281\",\"width\":720,\"height\":480},{\"@type\":\"BreadcrumbList\",\"@id\":\"https:\\\/\\\/endoscopiaterapeutica.net\\\/pt\\\/classificacao\\\/classificacao-de-hetzel-esofagite-peptica\\\/#breadcrumb\",\"itemListElement\":[{\"@type\":\"ListItem\",\"position\":1,\"name\":\"Home\",\"item\":\"https:\\\/\\\/endoscopiaterapeutica.net\\\/pt\\\/\"},{\"@type\":\"ListItem\",\"position\":2,\"name\":\"Esofagite p\u00e9ptica &#8211; Hetzel\"}]},{\"@type\":\"WebSite\",\"@id\":\"https:\\\/\\\/endoscopiaterapeutica.net\\\/pt\\\/#website\",\"url\":\"https:\\\/\\\/endoscopiaterapeutica.net\\\/pt\\\/\",\"name\":\"Endoscopia Terapeutica\",\"description\":\"O Jornal Endoscopia Terap\u00eautica tem como objetivo compartilhar experi\u00eancias da pr\u00e1tica di\u00e1ria, al\u00e9m de prover atualiza\u00e7\u00f5es e discuss\u00f5es sobre endoscopia digestiva.\",\"publisher\":{\"@id\":\"https:\\\/\\\/endoscopiaterapeutica.net\\\/pt\\\/#organization\"},\"potentialAction\":[{\"@type\":\"SearchAction\",\"target\":{\"@type\":\"EntryPoint\",\"urlTemplate\":\"https:\\\/\\\/endoscopiaterapeutica.net\\\/pt\\\/?s={search_term_string}\"},\"query-input\":{\"@type\":\"PropertyValueSpecification\",\"valueRequired\":true,\"valueName\":\"search_term_string\"}}],\"inLanguage\":\"pt-BR\"},{\"@type\":\"Organization\",\"@id\":\"https:\\\/\\\/endoscopiaterapeutica.net\\\/pt\\\/#organization\",\"name\":\"Endoscopia Terapeutica\",\"url\":\"https:\\\/\\\/endoscopiaterapeutica.net\\\/pt\\\/\",\"logo\":{\"@type\":\"ImageObject\",\"inLanguage\":\"pt-BR\",\"@id\":\"https:\\\/\\\/endoscopiaterapeutica.net\\\/pt\\\/#\\\/schema\\\/logo\\\/image\\\/\",\"url\":\"https:\\\/\\\/endoscopiaterapeutica.net\\\/pt\\\/wp-content\\\/uploads\\\/2023\\\/09\\\/endter.jpg\",\"contentUrl\":\"https:\\\/\\\/endoscopiaterapeutica.net\\\/pt\\\/wp-content\\\/uploads\\\/2023\\\/09\\\/endter.jpg\",\"width\":720,\"height\":721,\"caption\":\"Endoscopia Terapeutica\"},\"image\":{\"@id\":\"https:\\\/\\\/endoscopiaterapeutica.net\\\/pt\\\/#\\\/schema\\\/logo\\\/image\\\/\"},\"sameAs\":[\"https:\\\/\\\/www.facebook.com\\\/endoscopiaterapeutica\",\"https:\\\/\\\/www.instagram.com\\\/endoscopy\\\/\",\"https:\\\/\\\/www.youtube.com\\\/@endoscopyonline\"]}]}<\/script>\n<!-- \/ Yoast SEO Premium plugin. -->","yoast_head_json":{"title":"Esofagite p\u00e9ptica - Hetzel &#8226; Endoscopia Terapeutica","robots":{"index":"index","follow":"follow","max-snippet":"max-snippet:-1","max-image-preview":"max-image-preview:large","max-video-preview":"max-video-preview:-1"},"canonical":"https:\/\/endoscopiaterapeutica.net\/pt\/classificacao\/classificacao-de-hetzel-esofagite-peptica\/","og_locale":"pt_BR","og_type":"article","og_title":"Esofagite p\u00e9ptica - Hetzel","og_description":"Assim como outras classifica\u00e7\u00f5es existentes, como por exemplo Sonnemberg e Allison, a classifica\u00e7\u00e3o de&hellip;","og_url":"https:\/\/endoscopiaterapeutica.net\/pt\/classificacao\/classificacao-de-hetzel-esofagite-peptica\/","og_site_name":"Endoscopia Terapeutica","article_publisher":"https:\/\/www.facebook.com\/endoscopiaterapeutica","article_modified_time":"2021-08-10T01:13:15+00:00","og_image":[{"width":720,"height":480,"url":"https:\/\/endoscopiaterapeutica.net\/pt\/wp-content\/uploads\/2021\/08\/esofagite.jpg?v=1628557281","type":"image\/jpeg"}],"twitter_card":"summary_large_image","schema":{"@context":"https:\/\/schema.org","@graph":[{"@type":"WebPage","@id":"https:\/\/endoscopiaterapeutica.net\/pt\/classificacao\/classificacao-de-hetzel-esofagite-peptica\/","url":"https:\/\/endoscopiaterapeutica.net\/pt\/classificacao\/classificacao-de-hetzel-esofagite-peptica\/","name":"Esofagite p\u00e9ptica - Hetzel &#8226; Endoscopia Terapeutica","isPartOf":{"@id":"https:\/\/endoscopiaterapeutica.net\/pt\/#website"},"primaryImageOfPage":{"@id":"https:\/\/endoscopiaterapeutica.net\/pt\/classificacao\/classificacao-de-hetzel-esofagite-peptica\/#primaryimage"},"image":{"@id":"https:\/\/endoscopiaterapeutica.net\/pt\/classificacao\/classificacao-de-hetzel-esofagite-peptica\/#primaryimage"},"thumbnailUrl":"https:\/\/endoscopiaterapeutica.net\/pt\/wp-content\/uploads\/2021\/08\/esofagite.jpg?v=1628557281","datePublished":"2017-07-25T02:12:30+00:00","dateModified":"2021-08-10T01:13:15+00:00","breadcrumb":{"@id":"https:\/\/endoscopiaterapeutica.net\/pt\/classificacao\/classificacao-de-hetzel-esofagite-peptica\/#breadcrumb"},"inLanguage":"pt-BR","potentialAction":[{"@type":"ReadAction","target":["https:\/\/endoscopiaterapeutica.net\/pt\/classificacao\/classificacao-de-hetzel-esofagite-peptica\/"]}]},{"@type":"ImageObject","inLanguage":"pt-BR","@id":"https:\/\/endoscopiaterapeutica.net\/pt\/classificacao\/classificacao-de-hetzel-esofagite-peptica\/#primaryimage","url":"https:\/\/endoscopiaterapeutica.net\/pt\/wp-content\/uploads\/2021\/08\/esofagite.jpg?v=1628557281","contentUrl":"https:\/\/endoscopiaterapeutica.net\/pt\/wp-content\/uploads\/2021\/08\/esofagite.jpg?v=1628557281","width":720,"height":480},{"@type":"BreadcrumbList","@id":"https:\/\/endoscopiaterapeutica.net\/pt\/classificacao\/classificacao-de-hetzel-esofagite-peptica\/#breadcrumb","itemListElement":[{"@type":"ListItem","position":1,"name":"Home","item":"https:\/\/endoscopiaterapeutica.net\/pt\/"},{"@type":"ListItem","position":2,"name":"Esofagite p\u00e9ptica &#8211; Hetzel"}]},{"@type":"WebSite","@id":"https:\/\/endoscopiaterapeutica.net\/pt\/#website","url":"https:\/\/endoscopiaterapeutica.net\/pt\/","name":"Endoscopia Terapeutica","description":"O Jornal Endoscopia Terap\u00eautica tem como objetivo compartilhar experi\u00eancias da pr\u00e1tica di\u00e1ria, al\u00e9m de prover atualiza\u00e7\u00f5es e discuss\u00f5es sobre endoscopia digestiva.","publisher":{"@id":"https:\/\/endoscopiaterapeutica.net\/pt\/#organization"},"potentialAction":[{"@type":"SearchAction","target":{"@type":"EntryPoint","urlTemplate":"https:\/\/endoscopiaterapeutica.net\/pt\/?s={search_term_string}"},"query-input":{"@type":"PropertyValueSpecification","valueRequired":true,"valueName":"search_term_string"}}],"inLanguage":"pt-BR"},{"@type":"Organization","@id":"https:\/\/endoscopiaterapeutica.net\/pt\/#organization","name":"Endoscopia Terapeutica","url":"https:\/\/endoscopiaterapeutica.net\/pt\/","logo":{"@type":"ImageObject","inLanguage":"pt-BR","@id":"https:\/\/endoscopiaterapeutica.net\/pt\/#\/schema\/logo\/image\/","url":"https:\/\/endoscopiaterapeutica.net\/pt\/wp-content\/uploads\/2023\/09\/endter.jpg","contentUrl":"https:\/\/endoscopiaterapeutica.net\/pt\/wp-content\/uploads\/2023\/09\/endter.jpg","width":720,"height":721,"caption":"Endoscopia Terapeutica"},"image":{"@id":"https:\/\/endoscopiaterapeutica.net\/pt\/#\/schema\/logo\/image\/"},"sameAs":["https:\/\/www.facebook.com\/endoscopiaterapeutica","https:\/\/www.instagram.com\/endoscopy\/","https:\/\/www.youtube.com\/@endoscopyonline"]}]}},"_links":{"self":[{"href":"https:\/\/endoscopiaterapeutica.net\/pt\/wp-json\/wp\/v2\/classificacao\/5518","targetHints":{"allow":["GET"]}}],"collection":[{"href":"https:\/\/endoscopiaterapeutica.net\/pt\/wp-json\/wp\/v2\/classificacao"}],"about":[{"href":"https:\/\/endoscopiaterapeutica.net\/pt\/wp-json\/wp\/v2\/types\/classificacao"}],"author":[{"embeddable":true,"href":"https:\/\/endoscopiaterapeutica.net\/pt\/wp-json\/wp\/v2\/users\/5709"}],"version-history":[{"count":1,"href":"https:\/\/endoscopiaterapeutica.net\/pt\/wp-json\/wp\/v2\/classificacao\/5518\/revisions"}],"predecessor-version":[{"id":5651,"href":"https:\/\/endoscopiaterapeutica.net\/pt\/wp-json\/wp\/v2\/classificacao\/5518\/revisions\/5651"}],"wp:featuredmedia":[{"embeddable":true,"href":"https:\/\/endoscopiaterapeutica.net\/pt\/wp-json\/wp\/v2\/media\/5517"}],"wp:attachment":[{"href":"https:\/\/endoscopiaterapeutica.net\/pt\/wp-json\/wp\/v2\/media?parent=5518"}],"wp:term":[{"taxonomy":"categoria_de_classificacao","embeddable":true,"href":"https:\/\/endoscopiaterapeutica.net\/pt\/wp-json\/wp\/v2\/categoria_de_classificacao?post=5518"}],"curies":[{"name":"wp","href":"https:\/\/api.w.org\/{rel}","templated":true}]}}